{"id":5501,"date":"2019-03-08T21:31:44","date_gmt":"2019-03-08T20:31:44","guid":{"rendered":"http:\/\/www.krakow.szarytki.pl\/?page_id=5501"},"modified":"2019-03-08T21:31:44","modified_gmt":"2019-03-08T20:31:44","slug":"fragment-przegladu-lwowskiego-rok-piaty-1875-tom-ix","status":"publish","type":"page","link":"https:\/\/www.krakow.szarytki.pl\/?page_id=5501","title":{"rendered":"Fragment \u201ePrzegl\u0105du Lwowskiego\u201d  Rok pi\u0105ty 1875, tom IX"},"content":{"rendered":"<h5>UROCZYSTO\u015a\u0106 \u039dAJ\u015aW. SERCA JEZUSOWEGO w Krakowie<\/h5>\n<blockquote><p>\u201e(&#8230;) W ko\u0142o grupuj\u0105 si\u0119 inne damy Towarzystwa \u015bw Wincentego i chcieliby\u015bmy powiedzie\u0107 ca\u0142e<em> high life<\/em> krakowskie, gdyby to s\u0142owo nie brzmia\u0142o tutaj niew\u0142a\u015bciwie. To pewna, \u017ce mimo letniej pory zgromadzi\u0142y si\u0119 tutaj i przyby\u0142y ze wsi wszystkie wi\u0119cej znane w Krakowie rodziny. Wiele os\u00f3b z innych prowincyi przyby\u0142o umy\u015blnie lub te\u017c wyjazd sp\u00f3\u017ani\u0142o dla uroczysto\u015bci 16 Czerwca. R\u00f3wnie\u017c nie brak tak\u017ce by\u0142o m\u0142odzie\u017cy uniwersyteckiej i szkolnej &#8211; dojrze\u0107 by\u0142o tylko trudno przedstawicieli tych sfer miejskich, co urz\u0119dowe lub reprezentacyjne zajmuj\u0105 stanowiska, co stanowi\u0105 ow\u0105 mnieman\u0105 arystokracy\u0119 inteligencyi. Teraz ju\u017c p\u0142ynie fala ludu nieprzebranym strumieniem. W ulicach \u015bcisk, a nawet rynek krakowski przepe\u0142nia si\u0119 jak czara do samych brzeg\u00f3w. Obliczy\u0107 nawet przypuszczalnie tych zbitych mas niepodobna. To jednak \u017cadnej nie ulega w\u0105tpliwo\u015bci, \u017ce liczba obecnych przechodzi\u0142a liczb\u0119 mieszka\u0144c\u00f3w chrze\u015bcija\u0144skich Krakowa, a wojskowi, najwi\u0119cej wprawni do obj\u0119cia rzutem oka wielkich mas ludzi, twierdzili, \u017ce by\u0142o tam najmniej 50,000 g\u0142\u00f3w. By\u0142 to wi\u0119c rodzaj plebiscytu za opiek\u0105 serca Jezusowego. (\u2026)<\/p>\n<p>Oczywi\u015bcie nie mog\u0142o by\u0107 mowy wobec takiego zebrania o jakiemkolwiek pokuszeniu si\u0119 nieprzyja\u017anych uczu\u0107, o prowokacyi, zami\u0119szaniu, ale nawet w\u015br\u00f3d takiego nat\u0142oku nie by\u0142o \u017cadnego zaj\u015bcia jakiegokolwiek wypadku, a cho\u0107by kradzie\u017cy. Policya by\u0142a niewidzialn\u0105 \u2013 powtarzamy &#8211; ale nawet pi\u0119kny objaw usposobie\u0144 dzielnej naszej stra\u017cy ochotniczej, kt\u00f3ra si\u0119 ofiarowa\u0142a matce Talbot do utrzymywania porz\u0105dku okaza\u0142 si\u0119 zbytecznym. To te\u017c stra\u017c ochotnicza wyst\u0105pi\u0142a tylko w mundurach i utworzy\u0142a stra\u017c honorow\u0105 wko\u0142o kaplicy wzniesionej na rynku.<\/p>\n<p>\u017baden opis odda\u0107 nie mo\u017ce wra\u017cenia tej chwili, kiedy ju\u017c procesya stan\u0119\u0142a na rynku, a ksi\u0105dz z Przenaj\u015bwi\u0119tszym Sakramentem zaintonowa\u0142: <em>Salvum fac populum tuum Domine,<\/em> ca\u0142e zgromadzenie pi\u0119\u0107dziesi\u0119ciotysi\u0119cznego ludu pad\u0142o na kolana, w powietrzu rozleg\u0142y si\u0119 brzmienia dzwon\u00f3w &#8211; i zn\u00f3w uroczysta cisza, ksi\u0105dz kanonik Golian z wzniesienia odczytuje dekret Ojca \u015aw., wszystkich obecnych wiernych i ca\u0142y Ko\u015bci\u00f3\u0142 Chrystusowy oddaj\u0105cy pod wy\u0142\u0105czn\u0105 opiek\u0119 Naj\u015bwi\u0119tszego Serca Zbawiciela \u015bwiata\u201d.<\/p><\/blockquote>\n","protected":false},"excerpt":{"rendered":"<p>UROCZYSTO\u015a\u0106 \u039dAJ\u015aW. SERCA JEZUSOWEGO w Krakowie \u201e(&#8230;) W ko\u0142o grupuj\u0105 si\u0119 inne damy Towarzystwa \u015bw Wincentego i chcieliby\u015bmy powiedzie\u0107 ca\u0142e high life krakowskie, gdyby to s\u0142owo<span class=\"excerpt-hellip\"> [\u2026]<\/span><\/p>\n","protected":false},"author":5,"featured_media":0,"parent":0,"menu_order":0,"comment_status":"closed","ping_status":"closed","template":"","meta":{"footnotes":""},"class_list":["post-5501","page","type-page","status-publish","hentry"],"_links":{"self":[{"href":"https:\/\/www.krakow.szarytki.pl\/index.php?rest_route=\/wp\/v2\/pages\/5501","targetHints":{"allow":["GET"]}}],"collection":[{"href":"https:\/\/www.krakow.szarytki.pl\/index.php?rest_route=\/wp\/v2\/pages"}],"about":[{"href":"https:\/\/www.krakow.szarytki.pl\/index.php?rest_route=\/wp\/v2\/types\/page"}],"author":[{"embeddable":true,"href":"https:\/\/www.krakow.szarytki.pl\/index.php?rest_route=\/wp\/v2\/users\/5"}],"replies":[{"embeddable":true,"href":"https:\/\/www.krakow.szarytki.pl\/index.php?rest_route=%2Fwp%2Fv2%2Fcomments&post=5501"}],"version-history":[{"count":0,"href":"https:\/\/www.krakow.szarytki.pl\/index.php?rest_route=\/wp\/v2\/pages\/5501\/revisions"}],"wp:attachment":[{"href":"https:\/\/www.krakow.szarytki.pl\/index.php?rest_route=%2Fwp%2Fv2%2Fmedia&parent=5501"}],"curies":[{"name":"wp","href":"https:\/\/api.w.org\/{rel}","templated":true}]}}